{"id":922,"date":"2015-02-05T10:21:11","date_gmt":"2015-02-05T10:21:11","guid":{"rendered":"http:\/\/demo.wpcharming.com\/construction\/?page_id=17"},"modified":"2025-06-05T15:03:15","modified_gmt":"2025-06-05T13:03:15","slug":"omgeving","status":"publish","type":"page","link":"https:\/\/www.lagremille.eu\/nl\/omgeving\/","title":{"rendered":"Omgeving"},"content":{"rendered":"<p>[vc_row row_type=\u00a0\u00bbrow_fullwidth_content\u00a0\u00bb bg_color=\u00a0\u00bb#ffffff\u00a0\u00bb padding_top=\u00a0\u00bb0&Prime; padding_bottom=\u00a0\u00bb0&Prime; class=\u00a0\u00bbmobile-no-margin-top inverted-row\u00a0\u00bb][vc_column width=\u00a0\u00bb1\/3&Prime;]\n\t<div class=\"wpb_content_element featured-box \" >\n\t\t\t<div class=\"featured-box-thumb\"><img decoding=\"async\" src=\"https:\/\/www.lagremille.eu\/nl\/wp-content\/uploads\/2015\/02\/gite-la-gremille-chiny-720x430-600x300.jpg\">\n\t\t\t<\/div>\n\t\t\t<div class=\"featured-box-content\"><h4>SEMOIS TOERISME<\/h4>\n\t\t\t\t\t<div class=\"featured-box-desc\"><p>Het rustige dorpje Sainte-C\u00e9cile ligt ten zuiden van het Ardense woud. Het biedt een uitgebreid wandelnetwerk door haar diepe bossen op ontdekking van adembenemende vergezichten.<\/p>\n<p>Website : semois-tourisme.be<\/p>\n\t\t\t\t\t<\/div>\n\t\t\t<\/div>\n\t<\/div>[\/vc_column][vc_column width=\u00a0\u00bb1\/3&Prime;]\n\t<div class=\"wpb_content_element featured-box \" >\n\t\t\t<div class=\"featured-box-thumb\"><img decoding=\"async\" src=\"https:\/\/www.lagremille.eu\/nl\/wp-content\/uploads\/2015\/02\/gite-la-gremille-orval.jpg\">\n\t\t\t<\/div>\n\t\t\t<div class=\"featured-box-content\"><h4>Abdij van Orval<\/h4>\n\t\t\t\t\t<div class=\"featured-box-desc\"><p>Prachtige cicsterci\u00ebnzerabdij waar de trappistenbroeders hun nectar brouwen<\/p>\n<p>Website : orval.be<\/p>\n\t\t\t\t\t<\/div>\n\t\t\t<\/div>\n\t<\/div>[\/vc_column][vc_column width=\u00a0\u00bb1\/3&Prime;]\n\t<div class=\"wpb_content_element featured-box \" >\n\t\t\t<div class=\"featured-box-thumb\"><img decoding=\"async\" src=\"https:\/\/www.lagremille.eu\/nl\/wp-content\/uploads\/2015\/02\/gite-la-gremille-chassepierre.jpg\">\n\t\t\t<\/div>\n\t\t\t<div class=\"featured-box-content\"><h4>Chassepierre<\/h4>\n\t\t\t\t\t<div class=\"featured-box-desc\"><p>Op een steenworp van Florenville, ligt Chassepierre, \u00e9\u00e9n van de Mooiste Dorpjes van Walloni\u00eb, ook bekend voor het International Straatkunstenfestival.<\/p>\n<p>Website : chassepierre.be<\/p>\n\t\t\t\t\t<\/div>\n\t\t\t<\/div>\n\t<\/div>[\/vc_column][\/vc_row][vc_row row_type=\u00a0\u00bbrow_fullwidth_content\u00a0\u00bb][vc_column width=\u00a0\u00bb1\/3&Prime;][vc_custom_heading text=\u00a0\u00bbMarkt\u00a0\u00bb google_fonts=\u00a0\u00bbfont_family:Ubuntu%3A300%2C300italic%2Cregular%2Citalic%2C500%2C500italic%2C700%2C700italic|font_style:500%20bold%20regular%3A500%3Anormal\u00a0\u00bb][vc_column_text]<\/p>\n<ul>\n<li>Boerenmarkt elke zondag van 8 tot 12u (Chassepierre)<\/li>\n<\/ul>\n<p>[\/vc_column_text][vc_custom_heading text=\u00a0\u00bbWandelingen\u00a0\u00bb google_fonts=\u00a0\u00bbfont_family:Ubuntu%3A300%2C300italic%2Cregular%2Citalic%2C500%2C500italic%2C700%2C700italic|font_style:500%20bold%20regular%3A500%3Anormal\u00a0\u00bb][vc_column_text]<\/p>\n<ul>\n<li style=\"text-align: left;\">Les \u00c9pioux<\/li>\n<li style=\"text-align: left;\">La Roche \u00e0 l \u2019appel<\/li>\n<li style=\"text-align: left;\">Barrage de la Vierre<\/li>\n<li style=\"text-align: left;\">Chameleux<\/li>\n<li style=\"text-align: left;\">Tombeau du Chevalier<\/li>\n<li style=\"text-align: left;\">Le Rocher Pinco<\/li>\n<li style=\"text-align: left;\">Le Roche du H\u00e2t<\/li>\n<li style=\"text-align: left;\">Le Castelain<\/li>\n<\/ul>\n<p>[\/vc_column_text][\/vc_column][vc_column width=\u00a0\u00bb1\/3&Prime;][vc_custom_heading text=\u00a0\u00bbRestaurants &amp; Brasseries\u00a0\u00bb google_fonts=\u00a0\u00bbfont_family:Ubuntu%3A300%2C300italic%2Cregular%2Citalic%2C500%2C500italic%2C700%2C700italic|font_style:500%20bold%20regular%3A500%3Anormal\u00a0\u00bb][vc_column_text]<\/p>\n<ul>\n<li>Le Relais des Oliviers (Florenville)<br \/>\n<em>Levering mogelijk<\/em><\/li>\n<li>Le Florentin (Florenville)<\/li>\n<li>La Vieille ferme (Chassepierre)<\/li>\n<li>Le Chameleux (Chameleux)<\/li>\n<li>Hostellerie (Sainte-C\u00e9cile)<\/li>\n<li>La Forgerie (Sainte-C\u00e9cile)<\/li>\n<li>Il \u00e9tait une fois (Herbeumont)<\/li>\n<li>Le Cerf d&rsquo;Or (Herbeumont)<\/li>\n<\/ul>\n<p>[\/vc_column_text][vc_custom_heading text=\u00a0\u00bbTea Room\u00a0\u00bb google_fonts=\u00a0\u00bbfont_family:Ubuntu%3A300%2C300italic%2Cregular%2Citalic%2C500%2C500italic%2C700%2C700italic|font_style:500%20bold%20regular%3A500%3Anormal\u00a0\u00bb][vc_column_text]<\/p>\n<ul>\n<li>Les Chocolats d&rsquo;\u00c9douard (Florenville)<\/li>\n<\/ul>\n<p>[\/vc_column_text][vc_custom_heading text=\u00a0\u00bbDrankenhandel\u00a0\u00bb google_fonts=\u00a0\u00bbfont_family:Ubuntu%3A300%2C300italic%2Cregular%2Citalic%2C500%2C500italic%2C700%2C700italic|font_style:500%20bold%20regular%3A500%3Anormal\u00a0\u00bb][vc_column_text]<\/p>\n<ul>\n<li>Euro Boissons (Izel)<\/li>\n<\/ul>\n<p>[\/vc_column_text][\/vc_column][vc_column width=\u00a0\u00bb1\/3&Prime;][vc_custom_heading text=\u00a0\u00bbBakkerijen\u00a0\u00bb google_fonts=\u00a0\u00bbfont_family:Ubuntu%3A300%2C300italic%2Cregular%2Citalic%2C500%2C500italic%2C700%2C700italic|font_style:500%20bold%20regular%3A500%3Anormal\u00a0\u00bb][vc_column_text]<\/p>\n<ul>\n<li>\u00c0 la Source des Douceurs (Florenville)<\/li>\n<li>Boulangerie Picard (Florenville)<\/li>\n<\/ul>\n<p>[\/vc_column_text][vc_custom_heading text=\u00a0\u00bbCateraars\u00a0\u00bb google_fonts=\u00a0\u00bbfont_family:Ubuntu%3A300%2C300italic%2Cregular%2Citalic%2C500%2C500italic%2C700%2C700italic|font_style:500%20bold%20regular%3A500%3Anormal\u00a0\u00bb][vc_column_text]<\/p>\n<ul>\n<li>De la Ferme \u00e0 l\u2019Assiette \u2013 Boucherie Traiteur Galloy (Sainte-C\u00e9cile)<\/li>\n<li>Il \u00e9tait une fois (Herbeumont)<\/li>\n<li>Chez Mamotte (Libramont)<\/li>\n<li>La Vieille Ferme (Chassepierre)<\/li>\n<li>Malhage Fabien \u2013 Lokale, kortsluitvaste producten (Florenville)<\/li>\n<\/ul>\n<p>[\/vc_column_text][\/vc_column][\/vc_row]<\/p>\n","protected":false},"excerpt":{"rendered":"<p>[vc_row row_type=\u00a0\u00bbrow_fullwidth_content\u00a0\u00bb bg_color=\u00a0\u00bb#ffffff\u00a0\u00bb padding_top=\u00a0\u00bb0&Prime; padding_bottom=\u00a0\u00bb0&Prime; class=\u00a0\u00bbmobile-no-margin-top inverted-row\u00a0\u00bb][vc_column width=\u00a0\u00bb1\/3&Prime;][\/vc_column][vc_column width=\u00a0\u00bb1\/3&Prime;][\/vc_column][vc_column width=\u00a0\u00bb1\/3&Prime;][\/vc_column][\/vc_row][vc_row row_type=\u00a0\u00bbrow_fullwidth_content\u00a0\u00bb][vc_column width=\u00a0\u00bb1\/3&Prime;][vc_custom_heading text=\u00a0\u00bbMarkt\u00a0\u00bb google_fonts=\u00a0\u00bbfont_family:Ubuntu%3A300%2C300italic%2Cregular%2Citalic%2C500%2C500italic%2C700%2C700italic|font_style:500%20bold%20regular%3A500%3Anormal\u00a0\u00bb][vc_column_text] Boerenmarkt elke zondag van 8 tot 12u &#8230;<\/p>\n","protected":false},"author":1,"featured_media":0,"parent":0,"menu_order":0,"comment_status":"open","ping_status":"open","template":"","meta":{"footnotes":""},"class_list":["post-922","page","type-page","status-publish","hentry"],"_links":{"self":[{"href":"https:\/\/www.lagremille.eu\/nl\/wp-json\/wp\/v2\/pages\/922","targetHints":{"allow":["GET"]}}],"collection":[{"href":"https:\/\/www.lagremille.eu\/nl\/wp-json\/wp\/v2\/pages"}],"about":[{"href":"https:\/\/www.lagremille.eu\/nl\/wp-json\/wp\/v2\/types\/page"}],"author":[{"embeddable":true,"href":"https:\/\/www.lagremille.eu\/nl\/wp-json\/wp\/v2\/users\/1"}],"replies":[{"embeddable":true,"href":"https:\/\/www.lagremille.eu\/nl\/wp-json\/wp\/v2\/comments?post=922"}],"version-history":[{"count":16,"href":"https:\/\/www.lagremille.eu\/nl\/wp-json\/wp\/v2\/pages\/922\/revisions"}],"predecessor-version":[{"id":1382,"href":"https:\/\/www.lagremille.eu\/nl\/wp-json\/wp\/v2\/pages\/922\/revisions\/1382"}],"wp:attachment":[{"href":"https:\/\/www.lagremille.eu\/nl\/wp-json\/wp\/v2\/media?parent=922"}],"curies":[{"name":"wp","href":"https:\/\/api.w.org\/{rel}","templated":true}]}}